{"id":14995,"date":"2020-11-30T20:28:30","date_gmt":"2020-11-30T20:28:30","guid":{"rendered":"https:\/\/earlyfeednutrition.com\/event\/wpc-2021\/"},"modified":"2021-06-04T07:53:12","modified_gmt":"2021-06-04T07:53:12","slug":"wpc-2021","status":"publish","type":"event","link":"https:\/\/earlyfeednutrition.com\/fr\/event\/wpc-2021\/","title":{"rendered":"World Poultry Congress 2022"},"content":{"rendered":"<section class=\"section section--gutenberg section--gutenberg-nomargin wp-block-paragraph\">\n<p>La branche fran\u00e7aise de la WPSA a le grand plaisir de vous inviter au 26e WPC qui se tiendra \u00e0 Paris. Apr\u00e8s le WPC2016 de P\u00e9kin, nous nous pr\u00e9parons d\u00e9sormais \u00e0 vous accueillir \u00e0 Paris pour le WPC2022.<\/p>\n<\/section>\n\n<section class=\"section section--gutenberg section--gutenberg-nomargin wp-block-paragraph\">\n<p>Dans un avenir proche, l\u2019agriculture en g\u00e9n\u00e9ral et l\u2019\u00e9levage en particulier feront face \u00e0 des d\u00e9fis majeurs. Le secteur de la volaille dispose d\u2019atouts majeurs pour r\u00e9pondre aux attentes de la population mondiale, \u00e0 condition de pouvoir anticiper les \u00e9volutions n\u00e9cessaires \u00e0 des syst\u00e8mes de production durables. Notre ambition est de faire du WPC2022 une r\u00e9ponse majeure \u00e0 ces d\u00e9fis, dans l\u2019int\u00e9r\u00eat de la population mondiale.<\/p>\n<\/section>\n\n<section class=\"section section--gutenberg section--gutenberg-nomargin wp-block-paragraph\">\n<p>L\u2019ambition du World Poultry Congress est de pr\u00e9parer un congr\u00e8s accessible pour attirer un grand nombre de participants du monde entier. Une attention sp\u00e9ciale sera accord\u00e9e aux Mediterranean and African Poultry Networks (R\u00e9seaux volaillers m\u00e9diterran\u00e9en et africain), qui auront la possibilit\u00e9 de tenir des symposiums satellites sp\u00e9cifiques. Par ailleurs, un symposium avec la FAO est pr\u00e9vu. Comme d\u2019habitude pour un WPC, le programme comprendra l\u2019exposition pour les soci\u00e9t\u00e9s dans le Palais des congr\u00e8s, et un programme Jeunesse ainsi qu\u2019un programme Jeunes chercheurs seront propos\u00e9s. Il s\u2019agira d\u2019un programme scientifique hautement interactif et interdisciplinaire.<\/p>\n<\/section>\n\n<section class=\"section section--gutenberg section--gutenberg-nomargin wp-block-paragraph\">\n<p>Cliquez&nbsp;<a href=\"https:\/\/wpcparis2021.com\/scientific-program\/\">ici<\/a>&nbsp;pour consulter le programme de ce congr\u00e8s.<\/p>\n<\/section>\n\n<section class=\"section section--gutenberg section--gutenberg-nomargin wp-block-paragraph\">\n<p>Nous participerons \u00e0 ce congr\u00e8s du 7 au 11 ao\u00fbt 2022 \u00e0 Paris, en France.<\/p>\n<\/section>","protected":false},"featured_media":14844,"template":"","sector":[513],"class_list":["post-14995","event","type-event","status-publish","has-post-thumbnail","hentry","sector-volaille-fr"],"acf":[],"yoast_head":"<!-- This site is optimized with the Yoast SEO plugin v27.0 - https:\/\/yoast.com\/product\/yoast-seo-wordpress\/ -->\n<title>World Poultry Congress 2022 - Earlyfeed<\/title>\n<meta name=\"robots\" content=\"index, follow, max-snippet:-1, max-image-preview:large, max-video-preview:-1\" \/>\n<link rel=\"canonical\" href=\"https:\/\/earlyfeednutrition.com\/fr\/event\/wpc-2021\/\" \/>\n<meta property=\"og:locale\" content=\"fr_FR\" \/>\n<meta property=\"og:type\" content=\"article\" \/>\n<meta property=\"og:title\" content=\"World Poultry Congress 2022 - Earlyfeed\" \/>\n<meta property=\"og:description\" content=\"La branche fran\u00e7aise de la WPSA a le grand plaisir de vous inviter au 26e WPC qui se tiendra \u00e0 Paris. Apr\u00e8s le WPC2016 de P\u00e9kin, nous nous pr\u00e9parons d\u00e9sormais \u00e0 vous accueillir \u00e0 Paris pour le WPC2022. Dans un avenir proche, l\u2019agriculture en g\u00e9n\u00e9ral et l\u2019\u00e9levage en particulier feront face \u00e0 des d\u00e9fis majeurs. [&hellip;]\" \/>\n<meta property=\"og:url\" content=\"https:\/\/earlyfeednutrition.com\/fr\/event\/wpc-2021\/\" \/>\n<meta property=\"og:site_name\" content=\"Earlyfeed\" \/>\n<meta property=\"article:modified_time\" content=\"2021-06-04T07:53:12+00:00\" \/>\n<meta property=\"og:image\" content=\"https:\/\/earlyfeednutrition.com\/app\/uploads\/2020\/11\/shutterstock_135909518-scaled.jpg\" \/>\n\t<meta property=\"og:image:width\" content=\"2560\" \/>\n\t<meta property=\"og:image:height\" content=\"1556\" \/>\n\t<meta property=\"og:image:type\" content=\"image\/jpeg\" \/>\n<meta name=\"twitter:card\" content=\"summary_large_image\" \/>\n<meta name=\"twitter:label1\" content=\"Est. reading time\" \/>\n\t<meta name=\"twitter:data1\" content=\"1 minute\" \/>\n<script type=\"application\/ld+json\" class=\"yoast-schema-graph\">{\"@context\":\"https:\/\/schema.org\",\"@graph\":[{\"@type\":\"WebPage\",\"@id\":\"https:\/\/earlyfeednutrition.com\/fr\/event\/wpc-2021\/\",\"url\":\"https:\/\/earlyfeednutrition.com\/fr\/event\/wpc-2021\/\",\"name\":\"World Poultry Congress 2022 - Earlyfeed\",\"isPartOf\":{\"@id\":\"https:\/\/earlyfeednutrition.com\/fr\/#website\"},\"primaryImageOfPage\":{\"@id\":\"https:\/\/earlyfeednutrition.com\/fr\/event\/wpc-2021\/#primaryimage\"},\"image\":{\"@id\":\"https:\/\/earlyfeednutrition.com\/fr\/event\/wpc-2021\/#primaryimage\"},\"thumbnailUrl\":\"https:\/\/earlyfeednutrition.com\/app\/uploads\/2020\/11\/shutterstock_135909518-scaled.jpg\",\"datePublished\":\"2020-11-30T20:28:30+00:00\",\"dateModified\":\"2021-06-04T07:53:12+00:00\",\"breadcrumb\":{\"@id\":\"https:\/\/earlyfeednutrition.com\/fr\/event\/wpc-2021\/#breadcrumb\"},\"inLanguage\":\"fr-FR\",\"potentialAction\":[{\"@type\":\"ReadAction\",\"target\":[\"https:\/\/earlyfeednutrition.com\/fr\/event\/wpc-2021\/\"]}]},{\"@type\":\"ImageObject\",\"inLanguage\":\"fr-FR\",\"@id\":\"https:\/\/earlyfeednutrition.com\/fr\/event\/wpc-2021\/#primaryimage\",\"url\":\"https:\/\/earlyfeednutrition.com\/app\/uploads\/2020\/11\/shutterstock_135909518-scaled.jpg\",\"contentUrl\":\"https:\/\/earlyfeednutrition.com\/app\/uploads\/2020\/11\/shutterstock_135909518-scaled.jpg\",\"width\":2560,\"height\":1556},{\"@type\":\"BreadcrumbList\",\"@id\":\"https:\/\/earlyfeednutrition.com\/fr\/event\/wpc-2021\/#breadcrumb\",\"itemListElement\":[{\"@type\":\"ListItem\",\"position\":1,\"name\":\"Page d'accueil\",\"item\":\"https:\/\/earlyfeednutrition.com\/fr\/\"},{\"@type\":\"ListItem\",\"position\":2,\"name\":\"\u00c9v\u00e9nements\",\"item\":\"https:\/\/earlyfeednutrition.com\/fr\/event\/\"},{\"@type\":\"ListItem\",\"position\":3,\"name\":\"World Poultry Congress 2022\"}]},{\"@type\":\"WebSite\",\"@id\":\"https:\/\/earlyfeednutrition.com\/fr\/#website\",\"url\":\"https:\/\/earlyfeednutrition.com\/fr\/\",\"name\":\"Earlyfeed\",\"description\":\"Right from the start\",\"potentialAction\":[{\"@type\":\"SearchAction\",\"target\":{\"@type\":\"EntryPoint\",\"urlTemplate\":\"https:\/\/earlyfeednutrition.com\/fr\/?s={search_term_string}\"},\"query-input\":{\"@type\":\"PropertyValueSpecification\",\"valueRequired\":true,\"valueName\":\"search_term_string\"}}],\"inLanguage\":\"fr-FR\"}]}<\/script>\n<!-- \/ Yoast SEO plugin. -->","yoast_head_json":{"title":"World Poultry Congress 2022 - Earlyfeed","robots":{"index":"index","follow":"follow","max-snippet":"max-snippet:-1","max-image-preview":"max-image-preview:large","max-video-preview":"max-video-preview:-1"},"canonical":"https:\/\/earlyfeednutrition.com\/fr\/event\/wpc-2021\/","og_locale":"fr_FR","og_type":"article","og_title":"World Poultry Congress 2022 - Earlyfeed","og_description":"La branche fran\u00e7aise de la WPSA a le grand plaisir de vous inviter au 26e WPC qui se tiendra \u00e0 Paris. Apr\u00e8s le WPC2016 de P\u00e9kin, nous nous pr\u00e9parons d\u00e9sormais \u00e0 vous accueillir \u00e0 Paris pour le WPC2022. Dans un avenir proche, l\u2019agriculture en g\u00e9n\u00e9ral et l\u2019\u00e9levage en particulier feront face \u00e0 des d\u00e9fis majeurs. [&hellip;]","og_url":"https:\/\/earlyfeednutrition.com\/fr\/event\/wpc-2021\/","og_site_name":"Earlyfeed","article_modified_time":"2021-06-04T07:53:12+00:00","og_image":[{"width":2560,"height":1556,"url":"https:\/\/earlyfeednutrition.com\/app\/uploads\/2020\/11\/shutterstock_135909518-scaled.jpg","type":"image\/jpeg"}],"twitter_card":"summary_large_image","twitter_misc":{"Est. reading time":"1 minute"},"schema":{"@context":"https:\/\/schema.org","@graph":[{"@type":"WebPage","@id":"https:\/\/earlyfeednutrition.com\/fr\/event\/wpc-2021\/","url":"https:\/\/earlyfeednutrition.com\/fr\/event\/wpc-2021\/","name":"World Poultry Congress 2022 - Earlyfeed","isPartOf":{"@id":"https:\/\/earlyfeednutrition.com\/fr\/#website"},"primaryImageOfPage":{"@id":"https:\/\/earlyfeednutrition.com\/fr\/event\/wpc-2021\/#primaryimage"},"image":{"@id":"https:\/\/earlyfeednutrition.com\/fr\/event\/wpc-2021\/#primaryimage"},"thumbnailUrl":"https:\/\/earlyfeednutrition.com\/app\/uploads\/2020\/11\/shutterstock_135909518-scaled.jpg","datePublished":"2020-11-30T20:28:30+00:00","dateModified":"2021-06-04T07:53:12+00:00","breadcrumb":{"@id":"https:\/\/earlyfeednutrition.com\/fr\/event\/wpc-2021\/#breadcrumb"},"inLanguage":"fr-FR","potentialAction":[{"@type":"ReadAction","target":["https:\/\/earlyfeednutrition.com\/fr\/event\/wpc-2021\/"]}]},{"@type":"ImageObject","inLanguage":"fr-FR","@id":"https:\/\/earlyfeednutrition.com\/fr\/event\/wpc-2021\/#primaryimage","url":"https:\/\/earlyfeednutrition.com\/app\/uploads\/2020\/11\/shutterstock_135909518-scaled.jpg","contentUrl":"https:\/\/earlyfeednutrition.com\/app\/uploads\/2020\/11\/shutterstock_135909518-scaled.jpg","width":2560,"height":1556},{"@type":"BreadcrumbList","@id":"https:\/\/earlyfeednutrition.com\/fr\/event\/wpc-2021\/#breadcrumb","itemListElement":[{"@type":"ListItem","position":1,"name":"Page d'accueil","item":"https:\/\/earlyfeednutrition.com\/fr\/"},{"@type":"ListItem","position":2,"name":"\u00c9v\u00e9nements","item":"https:\/\/earlyfeednutrition.com\/fr\/event\/"},{"@type":"ListItem","position":3,"name":"World Poultry Congress 2022"}]},{"@type":"WebSite","@id":"https:\/\/earlyfeednutrition.com\/fr\/#website","url":"https:\/\/earlyfeednutrition.com\/fr\/","name":"Earlyfeed","description":"Right from the start","potentialAction":[{"@type":"SearchAction","target":{"@type":"EntryPoint","urlTemplate":"https:\/\/earlyfeednutrition.com\/fr\/?s={search_term_string}"},"query-input":{"@type":"PropertyValueSpecification","valueRequired":true,"valueName":"search_term_string"}}],"inLanguage":"fr-FR"}]}},"_links":{"self":[{"href":"https:\/\/earlyfeednutrition.com\/fr\/wp-json\/wp\/v2\/event\/14995","targetHints":{"allow":["GET"]}}],"collection":[{"href":"https:\/\/earlyfeednutrition.com\/fr\/wp-json\/wp\/v2\/event"}],"about":[{"href":"https:\/\/earlyfeednutrition.com\/fr\/wp-json\/wp\/v2\/types\/event"}],"wp:featuredmedia":[{"embeddable":true,"href":"https:\/\/earlyfeednutrition.com\/fr\/wp-json\/wp\/v2\/media\/14844"}],"wp:attachment":[{"href":"https:\/\/earlyfeednutrition.com\/fr\/wp-json\/wp\/v2\/media?parent=14995"}],"wp:term":[{"taxonomy":"sector","embeddable":true,"href":"https:\/\/earlyfeednutrition.com\/fr\/wp-json\/wp\/v2\/sector?post=14995"}],"curies":[{"name":"wp","href":"https:\/\/api.w.org\/{rel}","templated":true}]}}