{"id":14781,"date":"2020-11-30T20:28:30","date_gmt":"2020-11-30T20:28:30","guid":{"rendered":"https:\/\/earlyfeednutrition.com\/event\/wpc-2021\/"},"modified":"2021-06-04T07:57:06","modified_gmt":"2021-06-04T07:57:06","slug":"wpc-2021","status":"publish","type":"event","link":"https:\/\/earlyfeednutrition.com\/es\/event\/wpc-2021\/","title":{"rendered":"CONGRESO MUNDIAL DE AVES DE CORRAL 2022"},"content":{"rendered":"<section class=\"section section--gutenberg section--gutenberg-nomargin wp-block-paragraph\">\n<p>La sucursal francesa de WPSA tiene el gran placer de invitarle para el 26\u00aa WPC en Par\u00eds. Despu\u00e9s de WPC2016 en Beijing, ahora nos estamos preparando para darles la bienvenida a todos en Par\u00eds para WPC2022.<\/p>\n<\/section>\n\n<section class=\"section section--gutenberg section--gutenberg-nomargin wp-block-paragraph\">\n<p>La agricultura en general, y la ganader\u00eda en particular, se enfrentan a grandes desaf\u00edos en un futuro pr\u00f3ximo. El sector av\u00edcola cuenta con importantes activos para satisfacer las expectativas de la poblaci\u00f3n mundial, siempre que pueda anticipar los cambios necesarios para los sistemas de producci\u00f3n sostenibles. Nuestra ambici\u00f3n es que el WPC2022 traiga una importante contribuci\u00f3n a estos desaf\u00edos en beneficio de la poblaci\u00f3n mundial.<\/p>\n<\/section>\n\n<section class=\"section section--gutenberg section--gutenberg-nomargin wp-block-paragraph\">\n<p>Nuestro objetivo es preparar un congreso asequible para atraer a un gran n\u00famero de participantes de todo el mundo. Daremos una consideraci\u00f3n especial a las Redes de Aves mediterr\u00e1neas y africanas, ofreci\u00e9ndoles la posibilidad de celebrar simposios espec\u00edficos por sat\u00e9lite y planeamos organizar un simposio con la FAO. Como es habitual para un WPC, el programa incluir\u00e1 una exposici\u00f3n para empresas dentro del Palacio de Congresos y ofreceremos un programa de Juventud, as\u00ed como un programa de J\u00f3venes Cient\u00edficos. Planificaremos el programa cient\u00edfico para hacerlo altamente interactivo e interdisciplinario. Por \u00faltimo, se puede esperar un programa social atractivo y excelente comida.<\/p>\n<\/section>\n\n<section class=\"section section--gutenberg section--gutenberg-nomargin wp-block-paragraph\">\n<p>Haga clic <a href=\"https:\/\/wpcparis2021.com\/scientific-program\/\">aqu\u00ed<\/a>&nbsp;para ver el programa de este congreso.<\/p>\n<\/section>\n\n<section class=\"section section--gutenberg section--gutenberg-nomargin wp-block-paragraph\">\n<p>Participaremos en este congreso del 7 al 11 de agosto de 2022 en Par\u00eds, Francia<\/p>\n<\/section>","protected":false},"featured_media":12657,"template":"","sector":[375],"class_list":["post-14781","event","type-event","status-publish","has-post-thumbnail","hentry","sector-poultry-es"],"acf":[],"yoast_head":"<!-- This site is optimized with the Yoast SEO plugin v27.0 - https:\/\/yoast.com\/product\/yoast-seo-wordpress\/ -->\n<title>CONGRESO MUNDIAL DE AVES DE CORRAL 2022 - Earlyfeed<\/title>\n<meta name=\"robots\" content=\"index, follow, max-snippet:-1, max-image-preview:large, max-video-preview:-1\" \/>\n<link rel=\"canonical\" href=\"https:\/\/earlyfeednutrition.com\/es\/event\/wpc-2021\/\" \/>\n<meta property=\"og:locale\" content=\"es_ES\" \/>\n<meta property=\"og:type\" content=\"article\" \/>\n<meta property=\"og:title\" content=\"CONGRESO MUNDIAL DE AVES DE CORRAL 2022 - Earlyfeed\" \/>\n<meta property=\"og:description\" content=\"La sucursal francesa de WPSA tiene el gran placer de invitarle para el 26\u00aa WPC en Par\u00eds. Despu\u00e9s de WPC2016 en Beijing, ahora nos estamos preparando para darles la bienvenida a todos en Par\u00eds para WPC2022. La agricultura en general, y la ganader\u00eda en particular, se enfrentan a grandes desaf\u00edos en un futuro pr\u00f3ximo. El [&hellip;]\" \/>\n<meta property=\"og:url\" content=\"https:\/\/earlyfeednutrition.com\/es\/event\/wpc-2021\/\" \/>\n<meta property=\"og:site_name\" content=\"Earlyfeed\" \/>\n<meta property=\"article:modified_time\" content=\"2021-06-04T07:57:06+00:00\" \/>\n<meta property=\"og:image\" content=\"https:\/\/earlyfeednutrition.com\/app\/uploads\/2020\/11\/shutterstock_135909518-scaled.jpg\" \/>\n\t<meta property=\"og:image:width\" content=\"2560\" \/>\n\t<meta property=\"og:image:height\" content=\"1556\" \/>\n\t<meta property=\"og:image:type\" content=\"image\/jpeg\" \/>\n<meta name=\"twitter:card\" content=\"summary_large_image\" \/>\n<meta name=\"twitter:label1\" content=\"Est. reading time\" \/>\n\t<meta name=\"twitter:data1\" content=\"1 minute\" \/>\n<script type=\"application\/ld+json\" class=\"yoast-schema-graph\">{\"@context\":\"https:\/\/schema.org\",\"@graph\":[{\"@type\":\"WebPage\",\"@id\":\"https:\/\/earlyfeednutrition.com\/es\/event\/wpc-2021\/\",\"url\":\"https:\/\/earlyfeednutrition.com\/es\/event\/wpc-2021\/\",\"name\":\"CONGRESO MUNDIAL DE AVES DE CORRAL 2022 - Earlyfeed\",\"isPartOf\":{\"@id\":\"https:\/\/earlyfeednutrition.com\/es\/#website\"},\"primaryImageOfPage\":{\"@id\":\"https:\/\/earlyfeednutrition.com\/es\/event\/wpc-2021\/#primaryimage\"},\"image\":{\"@id\":\"https:\/\/earlyfeednutrition.com\/es\/event\/wpc-2021\/#primaryimage\"},\"thumbnailUrl\":\"https:\/\/earlyfeednutrition.com\/app\/uploads\/2020\/11\/shutterstock_135909518-scaled.jpg\",\"datePublished\":\"2020-11-30T20:28:30+00:00\",\"dateModified\":\"2021-06-04T07:57:06+00:00\",\"breadcrumb\":{\"@id\":\"https:\/\/earlyfeednutrition.com\/es\/event\/wpc-2021\/#breadcrumb\"},\"inLanguage\":\"es-ES\",\"potentialAction\":[{\"@type\":\"ReadAction\",\"target\":[\"https:\/\/earlyfeednutrition.com\/es\/event\/wpc-2021\/\"]}]},{\"@type\":\"ImageObject\",\"inLanguage\":\"es-ES\",\"@id\":\"https:\/\/earlyfeednutrition.com\/es\/event\/wpc-2021\/#primaryimage\",\"url\":\"https:\/\/earlyfeednutrition.com\/app\/uploads\/2020\/11\/shutterstock_135909518-scaled.jpg\",\"contentUrl\":\"https:\/\/earlyfeednutrition.com\/app\/uploads\/2020\/11\/shutterstock_135909518-scaled.jpg\",\"width\":2560,\"height\":1556},{\"@type\":\"BreadcrumbList\",\"@id\":\"https:\/\/earlyfeednutrition.com\/es\/event\/wpc-2021\/#breadcrumb\",\"itemListElement\":[{\"@type\":\"ListItem\",\"position\":1,\"name\":\"Incio\",\"item\":\"https:\/\/www.earlyfeednutrition.com\/es\/\"},{\"@type\":\"ListItem\",\"position\":2,\"name\":\"Eventos\",\"item\":\"https:\/\/earlyfeednutrition.com\/es\/event\/\"},{\"@type\":\"ListItem\",\"position\":3,\"name\":\"CONGRESO MUNDIAL DE AVES DE CORRAL 2022\"}]},{\"@type\":\"WebSite\",\"@id\":\"https:\/\/earlyfeednutrition.com\/es\/#website\",\"url\":\"https:\/\/earlyfeednutrition.com\/es\/\",\"name\":\"Earlyfeed\",\"description\":\"Right from the start\",\"potentialAction\":[{\"@type\":\"SearchAction\",\"target\":{\"@type\":\"EntryPoint\",\"urlTemplate\":\"https:\/\/earlyfeednutrition.com\/es\/?s={search_term_string}\"},\"query-input\":{\"@type\":\"PropertyValueSpecification\",\"valueRequired\":true,\"valueName\":\"search_term_string\"}}],\"inLanguage\":\"es-ES\"}]}<\/script>\n<!-- \/ Yoast SEO plugin. -->","yoast_head_json":{"title":"CONGRESO MUNDIAL DE AVES DE CORRAL 2022 - Earlyfeed","robots":{"index":"index","follow":"follow","max-snippet":"max-snippet:-1","max-image-preview":"max-image-preview:large","max-video-preview":"max-video-preview:-1"},"canonical":"https:\/\/earlyfeednutrition.com\/es\/event\/wpc-2021\/","og_locale":"es_ES","og_type":"article","og_title":"CONGRESO MUNDIAL DE AVES DE CORRAL 2022 - Earlyfeed","og_description":"La sucursal francesa de WPSA tiene el gran placer de invitarle para el 26\u00aa WPC en Par\u00eds. Despu\u00e9s de WPC2016 en Beijing, ahora nos estamos preparando para darles la bienvenida a todos en Par\u00eds para WPC2022. La agricultura en general, y la ganader\u00eda en particular, se enfrentan a grandes desaf\u00edos en un futuro pr\u00f3ximo. El [&hellip;]","og_url":"https:\/\/earlyfeednutrition.com\/es\/event\/wpc-2021\/","og_site_name":"Earlyfeed","article_modified_time":"2021-06-04T07:57:06+00:00","og_image":[{"width":2560,"height":1556,"url":"https:\/\/earlyfeednutrition.com\/app\/uploads\/2020\/11\/shutterstock_135909518-scaled.jpg","type":"image\/jpeg"}],"twitter_card":"summary_large_image","twitter_misc":{"Est. reading time":"1 minute"},"schema":{"@context":"https:\/\/schema.org","@graph":[{"@type":"WebPage","@id":"https:\/\/earlyfeednutrition.com\/es\/event\/wpc-2021\/","url":"https:\/\/earlyfeednutrition.com\/es\/event\/wpc-2021\/","name":"CONGRESO MUNDIAL DE AVES DE CORRAL 2022 - Earlyfeed","isPartOf":{"@id":"https:\/\/earlyfeednutrition.com\/es\/#website"},"primaryImageOfPage":{"@id":"https:\/\/earlyfeednutrition.com\/es\/event\/wpc-2021\/#primaryimage"},"image":{"@id":"https:\/\/earlyfeednutrition.com\/es\/event\/wpc-2021\/#primaryimage"},"thumbnailUrl":"https:\/\/earlyfeednutrition.com\/app\/uploads\/2020\/11\/shutterstock_135909518-scaled.jpg","datePublished":"2020-11-30T20:28:30+00:00","dateModified":"2021-06-04T07:57:06+00:00","breadcrumb":{"@id":"https:\/\/earlyfeednutrition.com\/es\/event\/wpc-2021\/#breadcrumb"},"inLanguage":"es-ES","potentialAction":[{"@type":"ReadAction","target":["https:\/\/earlyfeednutrition.com\/es\/event\/wpc-2021\/"]}]},{"@type":"ImageObject","inLanguage":"es-ES","@id":"https:\/\/earlyfeednutrition.com\/es\/event\/wpc-2021\/#primaryimage","url":"https:\/\/earlyfeednutrition.com\/app\/uploads\/2020\/11\/shutterstock_135909518-scaled.jpg","contentUrl":"https:\/\/earlyfeednutrition.com\/app\/uploads\/2020\/11\/shutterstock_135909518-scaled.jpg","width":2560,"height":1556},{"@type":"BreadcrumbList","@id":"https:\/\/earlyfeednutrition.com\/es\/event\/wpc-2021\/#breadcrumb","itemListElement":[{"@type":"ListItem","position":1,"name":"Incio","item":"https:\/\/www.earlyfeednutrition.com\/es\/"},{"@type":"ListItem","position":2,"name":"Eventos","item":"https:\/\/earlyfeednutrition.com\/es\/event\/"},{"@type":"ListItem","position":3,"name":"CONGRESO MUNDIAL DE AVES DE CORRAL 2022"}]},{"@type":"WebSite","@id":"https:\/\/earlyfeednutrition.com\/es\/#website","url":"https:\/\/earlyfeednutrition.com\/es\/","name":"Earlyfeed","description":"Right from the start","potentialAction":[{"@type":"SearchAction","target":{"@type":"EntryPoint","urlTemplate":"https:\/\/earlyfeednutrition.com\/es\/?s={search_term_string}"},"query-input":{"@type":"PropertyValueSpecification","valueRequired":true,"valueName":"search_term_string"}}],"inLanguage":"es-ES"}]}},"_links":{"self":[{"href":"https:\/\/earlyfeednutrition.com\/es\/wp-json\/wp\/v2\/event\/14781","targetHints":{"allow":["GET"]}}],"collection":[{"href":"https:\/\/earlyfeednutrition.com\/es\/wp-json\/wp\/v2\/event"}],"about":[{"href":"https:\/\/earlyfeednutrition.com\/es\/wp-json\/wp\/v2\/types\/event"}],"wp:featuredmedia":[{"embeddable":true,"href":"https:\/\/earlyfeednutrition.com\/es\/wp-json\/wp\/v2\/media\/12657"}],"wp:attachment":[{"href":"https:\/\/earlyfeednutrition.com\/es\/wp-json\/wp\/v2\/media?parent=14781"}],"wp:term":[{"taxonomy":"sector","embeddable":true,"href":"https:\/\/earlyfeednutrition.com\/es\/wp-json\/wp\/v2\/sector?post=14781"}],"curies":[{"name":"wp","href":"https:\/\/api.w.org\/{rel}","templated":true}]}}